{"id":4963,"date":"2023-02-27T15:28:46","date_gmt":"2023-02-27T15:28:46","guid":{"rendered":"https:\/\/landupplysingar.is\/index.php\/events\/byrjendanamskeid-i-notkun-qgis-landupplysingahugbunadar\/"},"modified":"2023-03-03T13:20:18","modified_gmt":"2023-03-03T13:20:18","slug":"byrjendanamskeid-i-notkun-qgis-landupplysingahugbunadar","status":"publish","type":"mec-events","link":"https:\/\/landupplysingar.is\/index.php\/events\/byrjendanamskeid-i-notkun-qgis-landupplysingahugbunadar\/","title":{"rendered":"Byrjendan\u00e1mskei\u00f0 \u00ed notkun QGIS landuppl\u00fdsingahugb\u00fana\u00f0ar"},"content":{"rendered":"<p class=\"font_7\">N\u00e1mskei\u00f0i\u00f0 er \u00e6tla\u00f0 \u00feeim sem vilja \u00f6\u00f0last grunn\u00feekkingu \u00e1 hvernig unni\u00f0 er me\u00f0 landuppl\u00fdsingar \u00ed QGIS.<\/p>\n<p class=\"font_7\">\u00c1 n\u00e1mskei\u00f0inu er fari\u00f0 yfir helstu grunna\u00f0ger\u00f0ir og hugt\u00f6k, auk \u00feess sem \u00fe\u00e1tttakendur f\u00e1 g\u00f3\u00f0a inns\u00fdn \u00ed hvernig h\u00e6gt er a\u00f0 nota landuppl\u00fdsingar og landuppl\u00fdsingakerfi til \u00feess a\u00f0 leysa \u00fdmis konar verkefni. Fari\u00f0 er \u00ed gegnum \u00e6fingar \u00ed \u00fev\u00ed skyni.<\/p>\n<p class=\"font_7\">Fjalla\u00f0 er um:<\/p>\n<ul class=\"font_7\">\n<li>\n<p class=\"font_7\">Hnitakerfi og varpanir.<\/p>\n<\/li>\n<li>\n<p class=\"font_7\">Mismunandi ger\u00f0ir landuppl\u00fdsinga.<\/p>\n<\/li>\n<li>\n<p class=\"font_7\">Hvernig g\u00f6gn eru lesin inn og dregin \u00fat.<\/p>\n<\/li>\n<li>\n<p class=\"font_7\">Teiknun og skr\u00e1ningu landuppl\u00fdsinga.<\/p>\n<\/li>\n<li>\n<p class=\"font_7\">H\u00f6nnun og a\u00f0l\u00f6gun \u00fatlits og framsetningu gagna.<\/p>\n<\/li>\n<li>\n<p class=\"font_7\">\u00datprentun.<\/p>\n<\/li>\n<\/ul>\n<p class=\"font_7\">N\u00e1mskei\u00f0i\u00f0 er heill dagur, kl. 9-16. Ver\u00f0 er kr. 40.000.<\/p>\n<p class=\"font_7\">Skr\u00e1\u00f0ir \u00fe\u00e1tttakendur f\u00e1 n\u00e1nari uppl\u00fdsingar u.\u00fe.b. viku fyrir n\u00e1mskei\u00f0sdaginn.<\/p>\n","protected":false},"excerpt":{"rendered":"<p>N\u00e1mskei\u00f0i\u00f0 er \u00e6tla\u00f0 \u00feeim sem vilja \u00f6\u00f0last grunn\u00feekkingu \u00e1 hvernig unni\u00f0 er me\u00f0 landuppl\u00fdsingar \u00ed QGIS.<\/p>\n","protected":false},"author":1,"featured_media":4962,"comment_status":"closed","ping_status":"closed","template":"","tags":[],"mec_category":[],"class_list":["post-4963","mec-events","type-mec-events","status-publish","has-post-thumbnail","hentry"],"aioseo_notices":[],"_links":{"self":[{"href":"https:\/\/landupplysingar.is\/index.php\/wp-json\/wp\/v2\/mec-events\/4963","targetHints":{"allow":["GET"]}}],"collection":[{"href":"https:\/\/landupplysingar.is\/index.php\/wp-json\/wp\/v2\/mec-events"}],"about":[{"href":"https:\/\/landupplysingar.is\/index.php\/wp-json\/wp\/v2\/types\/mec-events"}],"author":[{"embeddable":true,"href":"https:\/\/landupplysingar.is\/index.php\/wp-json\/wp\/v2\/users\/1"}],"replies":[{"embeddable":true,"href":"https:\/\/landupplysingar.is\/index.php\/wp-json\/wp\/v2\/comments?post=4963"}],"wp:featuredmedia":[{"embeddable":true,"href":"https:\/\/landupplysingar.is\/index.php\/wp-json\/wp\/v2\/media\/4962"}],"wp:attachment":[{"href":"https:\/\/landupplysingar.is\/index.php\/wp-json\/wp\/v2\/media?parent=4963"}],"wp:term":[{"taxonomy":"post_tag","embeddable":true,"href":"https:\/\/landupplysingar.is\/index.php\/wp-json\/wp\/v2\/tags?post=4963"},{"taxonomy":"mec_category","embeddable":true,"href":"https:\/\/landupplysingar.is\/index.php\/wp-json\/wp\/v2\/mec_category?post=4963"}],"curies":[{"name":"wp","href":"https:\/\/api.w.org\/{rel}","templated":true}]}}