{"id":5053,"date":"2023-03-23T13:55:05","date_gmt":"2023-03-23T13:55:05","guid":{"rendered":"https:\/\/landupplysingar.is\/?post_type=mec-events&#038;p=5053"},"modified":"2023-03-23T13:55:05","modified_gmt":"2023-03-23T13:55:05","slug":"dagur-stafraennar-mannvirkjagerdar","status":"publish","type":"mec-events","link":"https:\/\/landupplysingar.is\/index.php\/events\/dagur-stafraennar-mannvirkjagerdar\/","title":{"rendered":"Dagur stafr\u00e6nnar mannvirkjager\u00f0ar"},"content":{"rendered":"<p>\u00deann 11. ma\u00ed n\u00e6stkomandi efnir BIM \u00cdsland til r\u00e1\u00f0stefnu \u00ed Silfurberg \u00ed H\u00f6rpu. \u00c1 r\u00e1\u00f0stefnunni ver\u00f0ur l\u00f6g\u00f0 \u00e1hersla \u00e1 a\u00f0 f\u00e1 erlenda a\u00f0ila til a\u00f0 fjalla um hvernig h\u00e6gt er a\u00f0 auka vir\u00f0issk\u00f6pun og hagr\u00e6\u00f0a \u00ed h\u00f6nnun, framkv\u00e6md og rekstri mannvirkja me\u00f0 \u00e1herslu \u00e1 sj\u00e1lfb\u00e6rni, stj\u00f3rns\u00fdslu og framt\u00ed\u00f0ina. R\u00e1\u00f0stefnan er fyrir alla a\u00f0ila \u00ed mannvirkjager\u00f0, h\u00f6nnu\u00f0i, verktaka, verkkaupa, rekstrara\u00f0ila og annarra s\u00e9rfr\u00e6\u00f0inga og \u00fev\u00ed kj\u00f6ri\u00f0 t\u00e6kif\u00e6ri fyrir fyrirt\u00e6ki a\u00f0 n\u00e1 til i\u00f0na\u00f0arins.<\/p>\n","protected":false},"excerpt":{"rendered":"<p>\u00deann 11. ma\u00ed n\u00e6stkomandi efnir BIM \u00cdsland til r\u00e1\u00f0stefnu \u00ed Silfurberg \u00ed H\u00f6rpu. \u00c1 r\u00e1\u00f0stefnunni ver\u00f0ur l\u00f6g\u00f0 \u00e1hersla \u00e1 a\u00f0 f\u00e1 erlenda a\u00f0ila til a\u00f0 fjalla um hvernig h\u00e6gt er a\u00f0 auka vir\u00f0issk\u00f6pun og hagr\u00e6\u00f0a \u00ed h\u00f6nnun, framkv\u00e6md og rekstri mannvirkja me\u00f0 \u00e1herslu \u00e1 sj\u00e1lfb\u00e6rni, stj\u00f3rns\u00fdslu og framt\u00ed\u00f0ina. R\u00e1\u00f0stefnan er fyrir alla a\u00f0ila \u00ed mannvirkjager\u00f0, [&hellip;]<\/p>\n","protected":false},"author":1,"featured_media":5054,"comment_status":"closed","ping_status":"closed","template":"","tags":[],"mec_category":[],"class_list":["post-5053","mec-events","type-mec-events","status-publish","has-post-thumbnail","hentry"],"aioseo_notices":[],"_links":{"self":[{"href":"https:\/\/landupplysingar.is\/index.php\/wp-json\/wp\/v2\/mec-events\/5053","targetHints":{"allow":["GET"]}}],"collection":[{"href":"https:\/\/landupplysingar.is\/index.php\/wp-json\/wp\/v2\/mec-events"}],"about":[{"href":"https:\/\/landupplysingar.is\/index.php\/wp-json\/wp\/v2\/types\/mec-events"}],"author":[{"embeddable":true,"href":"https:\/\/landupplysingar.is\/index.php\/wp-json\/wp\/v2\/users\/1"}],"replies":[{"embeddable":true,"href":"https:\/\/landupplysingar.is\/index.php\/wp-json\/wp\/v2\/comments?post=5053"}],"wp:featuredmedia":[{"embeddable":true,"href":"https:\/\/landupplysingar.is\/index.php\/wp-json\/wp\/v2\/media\/5054"}],"wp:attachment":[{"href":"https:\/\/landupplysingar.is\/index.php\/wp-json\/wp\/v2\/media?parent=5053"}],"wp:term":[{"taxonomy":"post_tag","embeddable":true,"href":"https:\/\/landupplysingar.is\/index.php\/wp-json\/wp\/v2\/tags?post=5053"},{"taxonomy":"mec_category","embeddable":true,"href":"https:\/\/landupplysingar.is\/index.php\/wp-json\/wp\/v2\/mec_category?post=5053"}],"curies":[{"name":"wp","href":"https:\/\/api.w.org\/{rel}","templated":true}]}}