{"id":5141,"date":"2023-09-08T11:57:40","date_gmt":"2023-09-08T11:57:40","guid":{"rendered":"https:\/\/landupplysingar.is\/?post_type=mec-events&#038;p=5141"},"modified":"2023-09-08T12:17:01","modified_gmt":"2023-09-08T12:17:01","slug":"byrjendanamskeid-i-notkun-qgis-landupplysingahugbunadar-2","status":"publish","type":"mec-events","link":"https:\/\/landupplysingar.is\/index.php\/events\/byrjendanamskeid-i-notkun-qgis-landupplysingahugbunadar-2\/","title":{"rendered":"Byrjendan\u00e1mskei\u00f0 \u00ed notkun QGIS landuppl\u00fdsingahugb\u00fana\u00f0ar"},"content":{"rendered":"<div id=\"comp-kt038zdk\" class=\"KcpHeO tz5f0K comp-kt038zdk wixui-rich-text\" data-testid=\"richTextElement\">\n<p class=\"font_7 wixui-rich-text__text\"><span class=\"wixui-rich-text__text\">N\u00e1mskei\u00f0i\u00f0 er \u00e6tla\u00f0 \u00feeim sem vilja \u00f6\u00f0last grunn\u00feekkingu \u00e1 hvernig unni\u00f0 er me\u00f0 landuppl\u00fdsingar \u00ed QGIS.<\/span><\/p>\n<p class=\"font_7 wixui-rich-text__text\"><span class=\"wixui-rich-text__text\">\u00c1 n\u00e1mskei\u00f0inu er fari\u00f0 yfir helstu grunna\u00f0ger\u00f0ir og hugt\u00f6k, auk \u00feess sem \u00fe\u00e1tttakendur f\u00e1 g\u00f3\u00f0a inns\u00fdn \u00ed hvernig h\u00e6gt er a\u00f0 nota landuppl\u00fdsingar og landuppl\u00fdsingakerfi til \u00feess a\u00f0 leysa \u00fdmis konar verkefni. Fari\u00f0 er \u00ed gegnum \u00e6fingar \u00ed \u00fev\u00ed skyni.\u00a0<\/span><\/p>\n<p class=\"font_7 wixui-rich-text__text\"><span class=\"wixui-rich-text__text\">Fjalla\u00f0 er um:<\/span><\/p>\n<ul class=\"font_7 wixui-rich-text__text\">\n<li class=\"wixui-rich-text__text\">\n<p class=\"font_7 wixui-rich-text__text\"><span class=\"wixui-rich-text__text\">Hnitakerfi og varpanir.\u00a0<\/span><\/p>\n<\/li>\n<li class=\"wixui-rich-text__text\">\n<p class=\"font_7 wixui-rich-text__text\"><span class=\"wixui-rich-text__text\">Mismunandi ger\u00f0ir landuppl\u00fdsinga.\u00a0<\/span><\/p>\n<\/li>\n<li class=\"wixui-rich-text__text\">\n<p class=\"font_7 wixui-rich-text__text\"><span class=\"wixui-rich-text__text\">Hvernig g\u00f6gn eru lesin inn og dregin \u00fat.\u00a0<\/span><\/p>\n<\/li>\n<li class=\"wixui-rich-text__text\">\n<p class=\"font_7 wixui-rich-text__text\"><span class=\"wixui-rich-text__text\">Teiknun og skr\u00e1ningu landuppl\u00fdsinga.<\/span><\/p>\n<\/li>\n<li class=\"wixui-rich-text__text\">\n<p class=\"font_7 wixui-rich-text__text\"><span class=\"wixui-rich-text__text\">H\u00f6nnun og a\u00f0l\u00f6gun \u00fatlits og framsetningu gagna.<\/span><\/p>\n<\/li>\n<li class=\"wixui-rich-text__text\">\n<p class=\"font_7 wixui-rich-text__text\"><span class=\"wixui-rich-text__text\">\u00datprentun.\u00a0<\/span><\/p>\n<\/li>\n<\/ul>\n<p class=\"font_7 wixui-rich-text__text\"><span class=\"wixui-rich-text__text\">N\u00e1mskei\u00f0i\u00f0 er heill dagur, kl. 9-16. Ver\u00f0 er kr. 40.000.<\/span><\/p>\n<p class=\"font_7 wixui-rich-text__text\"><span class=\"wixui-rich-text__text\">Skr\u00e1\u00f0ir \u00fe\u00e1tttakendur f\u00e1 n\u00e1nari uppl\u00fdsingar u.\u00fe.b. viku fyrir n\u00e1mskei\u00f0sdaginn.<\/span><\/p>\n<p class=\"font_7 wixui-rich-text__text\"><span class=\"wixui-rich-text__text\"><a class=\"wixui-rich-text__text\" href=\"https:\/\/docs.google.com\/forms\/d\/e\/1FAIpQLSfNZYb42OY6leoz7StnUxtzeBnUMvWU6oP7K4HXVakqq4c86w\/viewform?usp=sf_link\" target=\"_blank\" rel=\"noreferrer noopener\">Smelltu h\u00e9r til a\u00f0 skr\u00e1 \u00feig<\/a>.<\/span><\/p>\n<p class=\"font_7 wixui-rich-text__text\"><span class=\"wixui-rich-text__text\">Lei\u00f0beinandi: \u00c1rni Geirsson, r\u00e1\u00f0gjafi hj\u00e1 Alta.<\/span><\/p>\n<p class=\"font_7 wixui-rich-text__text\"><span class=\"wixui-rich-text__text\">Frekari uppl\u00fdsingar \u00e1\u00a0<a class=\"wixui-rich-text__text\" href=\"mailto:namskeid@alta.is\" target=\"_self\" rel=\"noopener\">namskeid@alta.is<\/a><\/span><\/p>\n<\/div>\n<div id=\"comp-kt038zdd\" class=\"hFQZVn comp-kt038zdd\"><\/div>\n","protected":false},"excerpt":{"rendered":"<p>N\u00e1mskei\u00f0i\u00f0 er \u00e6tla\u00f0 \u00feeim sem vilja \u00f6\u00f0last grunn\u00feekkingu \u00e1 hvernig unni\u00f0 er me\u00f0 landuppl\u00fdsingar \u00ed QGIS. \u00c1 n\u00e1mskei\u00f0inu er fari\u00f0 yfir helstu grunna\u00f0ger\u00f0ir og hugt\u00f6k, auk \u00feess sem \u00fe\u00e1tttakendur f\u00e1 g\u00f3\u00f0a inns\u00fdn \u00ed hvernig h\u00e6gt er a\u00f0 nota landuppl\u00fdsingar og landuppl\u00fdsingakerfi til \u00feess a\u00f0 leysa \u00fdmis konar verkefni. Fari\u00f0 er \u00ed gegnum \u00e6fingar \u00ed \u00fev\u00ed [&hellip;]<\/p>\n","protected":false},"author":1,"featured_media":4910,"comment_status":"closed","ping_status":"closed","template":"","tags":[],"mec_category":[],"class_list":["post-5141","mec-events","type-mec-events","status-publish","has-post-thumbnail","hentry"],"aioseo_notices":[],"_links":{"self":[{"href":"https:\/\/landupplysingar.is\/index.php\/wp-json\/wp\/v2\/mec-events\/5141","targetHints":{"allow":["GET"]}}],"collection":[{"href":"https:\/\/landupplysingar.is\/index.php\/wp-json\/wp\/v2\/mec-events"}],"about":[{"href":"https:\/\/landupplysingar.is\/index.php\/wp-json\/wp\/v2\/types\/mec-events"}],"author":[{"embeddable":true,"href":"https:\/\/landupplysingar.is\/index.php\/wp-json\/wp\/v2\/users\/1"}],"replies":[{"embeddable":true,"href":"https:\/\/landupplysingar.is\/index.php\/wp-json\/wp\/v2\/comments?post=5141"}],"wp:featuredmedia":[{"embeddable":true,"href":"https:\/\/landupplysingar.is\/index.php\/wp-json\/wp\/v2\/media\/4910"}],"wp:attachment":[{"href":"https:\/\/landupplysingar.is\/index.php\/wp-json\/wp\/v2\/media?parent=5141"}],"wp:term":[{"taxonomy":"post_tag","embeddable":true,"href":"https:\/\/landupplysingar.is\/index.php\/wp-json\/wp\/v2\/tags?post=5141"},{"taxonomy":"mec_category","embeddable":true,"href":"https:\/\/landupplysingar.is\/index.php\/wp-json\/wp\/v2\/mec_category?post=5141"}],"curies":[{"name":"wp","href":"https:\/\/api.w.org\/{rel}","templated":true}]}}