{"id":5651,"date":"2024-10-17T13:22:13","date_gmt":"2024-10-17T13:22:13","guid":{"rendered":"https:\/\/landupplysingar.is\/?post_type=mec-events&#038;p=5651"},"modified":"2024-10-17T13:22:13","modified_gmt":"2024-10-17T13:22:13","slug":"norraent-vefnamskeid-um-gervigreind-a-svidi-landupplysinga","status":"publish","type":"mec-events","link":"https:\/\/landupplysingar.is\/index.php\/events\/norraent-vefnamskeid-um-gervigreind-a-svidi-landupplysinga\/","title":{"rendered":"Norr\u00e6nt vefn\u00e1mskei\u00f0 um gervigreind \u00e1 svi\u00f0i landuppl\u00fdsinga"},"content":{"rendered":"<p>GI Norden stendur fyrir \u00f3keypis vefn\u00e1mskei\u00f0i me\u00f0 fyrirlesurum fr\u00e1 Nor\u00f0url\u00f6ndunum.<\/p>\n<p>Vefn\u00e1mskei\u00f0i\u00f0 mun s\u00fdna hvernig gervigreind er beitt \u00ed tengslum vi\u00f0 GIS og landuppl\u00fdsingag\u00f6gn \u00e1 hinum \u00fdmsu Nor\u00f0url\u00f6ndum. Vi\u00f0 munum sj\u00e1 d\u00e6mi fr\u00e1 hinu opinbera, fr\u00e1 einkafyrirt\u00e6kjum og fr\u00e1 h\u00e1sk\u00f3lum.<\/p>\n<p>Me\u00f0al efnis fyrir vefn\u00e1mskei\u00f0i\u00f0 er <em>Generative AI for Societal Analysis and Urban Planning<\/em>, notkun margra inntaksgjafa fyrir vegagreiningu me\u00f0 dj\u00fapl\u00e6randi tauganetum, GeoAI fyrir fyrirbyggjandi vegavi\u00f0hald og samanbur\u00f0ur \u00e1 \u00fatdr\u00e6tti byggingar me\u00f0 loftneti og LiDAR DSM me\u00f0 dj\u00fapu n\u00e1mi. Fyrir utan \u00feessi d\u00e6mi \u00e6tlum vi\u00f0 einnig a\u00f0 r\u00e6\u00f0a hvers vegna gervigreind er n\u00e6sta skref \u00ed stafr\u00e6nni v\u00e6\u00f0ingu,<\/p>\n<p>Taktu \u00fe\u00e1tt \u00ed \u00feessu vefn\u00e1mskei\u00f0i til a\u00f0 styrkja \u00feekkingu \u00fe\u00edna \u00e1 gervigreind \u00ed tengslum vi\u00f0 landuppl\u00fdsingar.<\/p>\n","protected":false},"excerpt":{"rendered":"<p>GI Norden stendur fyrir \u00f3keypis vefn\u00e1mskei\u00f0i me\u00f0 fyrirlesurum fr\u00e1 Nor\u00f0url\u00f6ndunum. Vefn\u00e1mskei\u00f0i\u00f0 mun s\u00fdna hvernig gervigreind er beitt \u00ed tengslum vi\u00f0 GIS og landuppl\u00fdsingag\u00f6gn \u00e1 hinum \u00fdmsu Nor\u00f0url\u00f6ndum. Vi\u00f0 munum sj\u00e1 d\u00e6mi fr\u00e1 hinu opinbera, fr\u00e1 einkafyrirt\u00e6kjum og fr\u00e1 h\u00e1sk\u00f3lum. Me\u00f0al efnis fyrir vefn\u00e1mskei\u00f0i\u00f0 er Generative AI for Societal Analysis and Urban Planning, notkun margra inntaksgjafa [&hellip;]<\/p>\n","protected":false},"author":1,"featured_media":0,"comment_status":"closed","ping_status":"closed","template":"","tags":[],"mec_category":[109],"class_list":["post-5651","mec-events","type-mec-events","status-publish","hentry","mec_category-gi-norden"],"aioseo_notices":[],"_links":{"self":[{"href":"https:\/\/landupplysingar.is\/index.php\/wp-json\/wp\/v2\/mec-events\/5651","targetHints":{"allow":["GET"]}}],"collection":[{"href":"https:\/\/landupplysingar.is\/index.php\/wp-json\/wp\/v2\/mec-events"}],"about":[{"href":"https:\/\/landupplysingar.is\/index.php\/wp-json\/wp\/v2\/types\/mec-events"}],"author":[{"embeddable":true,"href":"https:\/\/landupplysingar.is\/index.php\/wp-json\/wp\/v2\/users\/1"}],"replies":[{"embeddable":true,"href":"https:\/\/landupplysingar.is\/index.php\/wp-json\/wp\/v2\/comments?post=5651"}],"wp:attachment":[{"href":"https:\/\/landupplysingar.is\/index.php\/wp-json\/wp\/v2\/media?parent=5651"}],"wp:term":[{"taxonomy":"post_tag","embeddable":true,"href":"https:\/\/landupplysingar.is\/index.php\/wp-json\/wp\/v2\/tags?post=5651"},{"taxonomy":"mec_category","embeddable":true,"href":"https:\/\/landupplysingar.is\/index.php\/wp-json\/wp\/v2\/mec_category?post=5651"}],"curies":[{"name":"wp","href":"https:\/\/api.w.org\/{rel}","templated":true}]}}